{"id":45,"date":"2020-01-21T02:26:45","date_gmt":"2020-01-21T01:26:45","guid":{"rendered":"http:\/\/wp.ljv-sachsen-anhalt.de\/jaegerschaft-burg\/?page_id=45"},"modified":"2022-07-10T11:03:11","modified_gmt":"2022-07-10T10:03:11","slug":"impressum","status":"publish","type":"page","link":"https:\/\/ljv-sachsen-anhalt.de\/jaegerschaft-quedlinburg\/impressum\/","title":{"rendered":"Impressum"},"content":{"rendered":"<div class=\"wpb-content-wrapper\"><p>[vc_row][vc_column][vc_column_text]<\/p>\n<h4>ANGABEN GEM\u00c4SS \u00a7 5 TMG<\/h4>\n<div id=\"content-main\">\n<div class=\"clearfix\">\n<div class=\"wymeditor\">\n<p>J\u00e4gerschaft Quedlinburg e. V.<br \/>\nRo\u00dftrappenstra\u00dfe 68<br \/>\n06507 Thale<\/p>\n<p>Telefon: 03947\/940380<br \/>\nE-Mail: KJS-QLB@t-online.de<\/p>\n<h4>VERTRETEN DURCH:<\/h4>\n<p>Den Vorstand der J\u00e4gerschaft Quedlinburg.<\/p>\n<p><strong>Vorsitzenden<\/strong><br \/>\nDetlef Valtink<\/p>\n<p>E-Mail: detlef.valtink@t-online.de<\/p>\n<p><strong>1. stellvertretener Vorsitzender<\/strong><br \/>\nName: Thomas G\u00e4rtner<br \/>\nE-Mail: thomas.gaertner.2102@web.de<\/p>\n<p><strong>2. stellvertretener Vorsitzender<\/strong><br \/>\nName: Dr. Rainer Miethig<br \/>\nE-Mail: rainer.miethig@t-online.de<\/p>\n<p><strong>Schatzmeister<\/strong><br \/>\nName: Uwe Lilienthal<br \/>\nE-Mail: postlili@t-online.de<\/p>\n<p><strong>Schriftf\u00fchrer<\/strong><br \/>\nName: Jeannine B\u00f6sche<br \/>\nE-Mail: jbhbs@t-online.de<\/p>\n<h4>REGISTEREINTRAG:<\/h4>\n<p>Eintragung im Vereinsregister.<br \/>\nRegistergericht: Stendal<br \/>\nRegisternummer: VR 40382<\/p>\n<h4>VERANTWORTLICH F\u00dcR DEN INHALT NACH \u00a7 55 ABS. 2 RSTV:<\/h4>\n<p>Der Vorstand der J\u00e4gerschaft Quedlinburg.<\/p>\n<h4>STREITBEILEGUNG<\/h4>\n<p>Die Europ\u00e4ische Kommission stellt eine Plattform zur Online-Streitbeilegung (OS) bereit:\u00a0<a href=\"https:\/\/ec.europa.eu\/consumers\/odr\">https:\/\/ec.europa.eu\/consumers\/odr<\/a>.<br \/>\nUnsere E-Mail-Adresse finden Sie oben im Impressum.<\/p>\n<p>Wir sind nicht bereit oder verpflichtet, an Streitbeilegungsverfahren vor einer Verbraucherschlichtungsstelle teilzunehmen.<\/p>\n<h4>HAFTUNG F\u00dcR INHALTE<\/h4>\n<p>Als Diensteanbieter sind wir gem\u00e4\u00df \u00a7 7 Abs.1 TMG f\u00fcr eigene Inhalte auf diesen Seiten nach den allgemeinen Gesetzen verantwortlich. Nach \u00a7\u00a7 8 bis 10 TMG sind wir als Diensteanbieter jedoch nicht verpflichtet, \u00fcbermittelte oder gespeicherte fremde Informationen zu \u00fcberwachen oder nach Umst\u00e4nden zu forschen, die auf eine rechtswidrige T\u00e4tigkeit hinweisen.<\/p>\n<p>Verpflichtungen zur Entfernung oder Sperrung der Nutzung von Informationen nach den allgemeinen Gesetzen bleiben hiervon unber\u00fchrt. Eine diesbez\u00fcgliche Haftung ist jedoch erst ab dem Zeitpunkt der Kenntnis einer konkreten Rechtsverletzung m\u00f6glich. Bei Bekanntwerden von entsprechenden Rechtsverletzungen werden wir diese Inhalte umgehend entfernen.<\/p>\n<h4>HAFTUNG F\u00dcR LINKS<\/h4>\n<\/div>\n<\/div>\n<\/div>\n<div id=\"content-main\">\n<div class=\"clearfix\">\n<div class=\"wymeditor\">\n<p>Als Diensteanbieter sind wir gem\u00e4\u00df \u00a7 7 Abs.1 TMG f\u00fcr eigene Inhalte auf diesen Seiten nach den allgemeinen Gesetzen verantwortlich. Nach \u00a7\u00a7 8 bis 10 TMG sind wir als Diensteanbieter jedoch nicht verpflichtet, \u00fcbermittelte oder gespeicherte fremde Informationen zu \u00fcberwachen oder nach Umst\u00e4nden zu forschen, die auf eine rechtswidrige T\u00e4tigkeit hinweisen.<\/p>\n<p>Verpflichtungen zur Entfernung oder Sperrung der Nutzung von Informationen nach den allgemeinen Gesetzen bleiben hiervon unber\u00fchrt. Eine diesbez\u00fcgliche Haftung ist jedoch erst ab dem Zeitpunkt der Kenntnis einer konkreten Rechtsverletzung m\u00f6glich. Bei Bekanntwerden von entsprechenden Rechtsverletzungen werden wir diese Inhalte umgehend entfernen.<\/p>\n<h4>HAFTUNG F\u00dcR LINKS<\/h4>\n<p>Unser Angebot enth\u00e4lt Links zu externen Websites Dritter, auf deren Inhalte wir keinen Einfluss haben. Deshalb k\u00f6nnen wir f\u00fcr diese fremden Inhalte auch keine Gew\u00e4hr \u00fcbernehmen. F\u00fcr die Inhalte der verlinkten Seiten ist stets der jeweilige Anbieter oder Betreiber der Seiten verantwortlich. Die verlinkten Seiten wurden zum Zeitpunkt der Verlinkung auf m\u00f6gliche Rechtsverst\u00f6\u00dfe \u00fcberpr\u00fcft. Rechtswidrige Inhalte waren zum Zeitpunkt der Verlinkung nicht erkennbar.<\/p>\n<p>Eine permanente inhaltliche Kontrolle der verlinkten Seiten ist jedoch ohne konkrete Anhaltspunkte einer Rechtsverletzung nicht zumutbar. Bei Bekanntwerden von Rechtsverletzungen werden wir derartige Links umgehend entfernen.<\/p>\n<h4>URHEBERRECHT<\/h4>\n<p>Die durch die Seitenbetreiber erstellten Inhalte und Werke auf diesen Seiten unterliegen dem deutschen Urheberrecht. Die Vervielf\u00e4ltigung, Bearbeitung, Verbreitung und jede Art der Verwertung au\u00dferhalb der Grenzen des Urheberrechtes bed\u00fcrfen der schriftlichen Zustimmung des jeweiligen Autors bzw. Erstellers. Downloads und Kopien dieser Seite sind nur f\u00fcr den privaten, nicht kommerziellen Gebrauch gestattet.<\/p>\n<p>Soweit die Inhalte auf dieser Seite nicht vom Betreiber erstellt wurden, werden die Urheberrechte Dritter beachtet. Insbesondere werden Inhalte Dritter als solche gekennzeichnet. Sollten Sie trotzdem auf eine Urheberrechtsverletzung aufmerksam werden, bitten wir um einen entsprechenden Hinweis. Bei Bekanntwerden von Rechtsverletzungen werden wir derartige Inhalte umgehend entfernen.<\/p>\n<h4>QUELLENANGABE VERWENDETER BILDER<\/h4>\n<p><a href=\"https:\/\/de.fotolia.com\/id\/73148941\">Zwei-Jaeger-auf-der-Pirsch-scaled.jpg<\/a> \u2013 DJV<\/p>\n<p>Die \u00dcberlassung der Bilder zur Verwendung erfolgt unter Beachtung der Urheberrechte. Die Vervielf\u00e4ltigung, Bearbeitung, Verbreitung und jede Art der Verwertung bedarf der schriftlichen Zustimmung des jeweiligen Autors bzw. Erstellers.<\/p>\n<\/div>\n<\/div>\n<\/div>\n<p>[\/vc_column_text][\/vc_column][\/vc_row]<\/p>\n<\/div>","protected":false},"excerpt":{"rendered":"<p>[vc_row][vc_column][vc_column_text] ANGABEN GEM\u00c4SS \u00a7 5 TMG J\u00e4gerschaft Quedlinburg e. V. Ro\u00dftrappenstra\u00dfe 68 06507 Thale Telefon: 03947\/940380 E-Mail: KJS-QLB@t-online.de VERTRETEN DURCH: Den Vorstand der J\u00e4gerschaft Quedlinburg. Vorsitzenden Detlef Valtink E-Mail: detlef.valtink@t-online.de 1. stellvertretener Vorsitzender Name: Thomas G\u00e4rtner E-Mail: thomas.gaertner.2102@web.de 2. stellvertretener Vorsitzender Name: Dr. Rainer Miethig E-Mail: rainer.miethig@t-online.de Schatzmeister Name: Uwe [&hellip;]<\/p>\n","protected":false},"author":1,"featured_media":0,"parent":0,"menu_order":0,"comment_status":"closed","ping_status":"closed","template":"","meta":{"footnotes":""},"class_list":["post-45","page","type-page","status-publish"],"_links":{"self":[{"href":"https:\/\/ljv-sachsen-anhalt.de\/jaegerschaft-quedlinburg\/wp-json\/wp\/v2\/pages\/45","targetHints":{"allow":["GET"]}}],"collection":[{"href":"https:\/\/ljv-sachsen-anhalt.de\/jaegerschaft-quedlinburg\/wp-json\/wp\/v2\/pages"}],"about":[{"href":"https:\/\/ljv-sachsen-anhalt.de\/jaegerschaft-quedlinburg\/wp-json\/wp\/v2\/types\/page"}],"author":[{"embeddable":true,"href":"https:\/\/ljv-sachsen-anhalt.de\/jaegerschaft-quedlinburg\/wp-json\/wp\/v2\/users\/1"}],"replies":[{"embeddable":true,"href":"https:\/\/ljv-sachsen-anhalt.de\/jaegerschaft-quedlinburg\/wp-json\/wp\/v2\/comments?post=45"}],"version-history":[{"count":16,"href":"https:\/\/ljv-sachsen-anhalt.de\/jaegerschaft-quedlinburg\/wp-json\/wp\/v2\/pages\/45\/revisions"}],"predecessor-version":[{"id":1994,"href":"https:\/\/ljv-sachsen-anhalt.de\/jaegerschaft-quedlinburg\/wp-json\/wp\/v2\/pages\/45\/revisions\/1994"}],"wp:attachment":[{"href":"https:\/\/ljv-sachsen-anhalt.de\/jaegerschaft-quedlinburg\/wp-json\/wp\/v2\/media?parent=45"}],"curies":[{"name":"wp","href":"https:\/\/api.w.org\/{rel}","templated":true}]}}